{"id":31253,"date":"2026-04-29T10:36:40","date_gmt":"2026-04-29T07:36:40","guid":{"rendered":"https:\/\/tys.fi\/?page_id=31253"},"modified":"2026-04-29T10:36:40","modified_gmt":"2026-04-29T07:36:40","slug":"forrad","status":"publish","type":"page","link":"https:\/\/tys.fi\/sv\/hyresgastens-handbok\/forrad","title":{"rendered":"F\u00f6rr\u00e5d"},"content":{"rendered":"[vc_row type=&#8221;full_width_background&#8221; full_screen_row_position=&#8221;middle&#8221; column_margin=&#8221;default&#8221; column_direction=&#8221;default&#8221; column_direction_tablet=&#8221;default&#8221; column_direction_phone=&#8221;default&#8221; bg_image=&#8221;26886&#8243; bg_image_type=&#8221;default&#8221; bg_position=&#8221;center center&#8221; background_image_loading=&#8221;default&#8221; bg_repeat=&#8221;no-repeat&#8221; scene_position=&#8221;center&#8221; top_padding=&#8221;15%&#8221; constrain_group_1=&#8221;yes&#8221; bottom_padding=&#8221;15%&#8221; text_color=&#8221;light&#8221; text_align=&#8221;center&#8221; row_border_radius=&#8221;none&#8221; row_border_radius_applies=&#8221;bg&#8221; row_position_desktop=&#8221;default&#8221; row_position_tablet=&#8221;inherit&#8221; row_position_phone=&#8221;inherit&#8221; overflow=&#8221;visible&#8221; color_overlay=&#8221;rgba(0,0,0,0.5)&#8221; overlay_strength=&#8221;0.3&#8243; gradient_direction=&#8221;left_to_right&#8221; shape_divider_color=&#8221;#ffffff&#8221; shape_divider_position=&#8221;bottom&#8221; bg_image_animation=&#8221;none&#8221; parallax_bg=&#8221;true&#8221; parallax_bg_speed=&#8221;fast&#8221; shape_type=&#8221;curve&#8221; gradient_type=&#8221;default&#8221;][vc_column column_padding=&#8221;no-extra-padding&#8221; column_padding_tablet=&#8221;inherit&#8221; column_padding_phone=&#8221;inherit&#8221; column_padding_position=&#8221;all&#8221; flex_gap_desktop=&#8221;10px&#8221; column_element_direction_desktop=&#8221;default&#8221; column_element_spacing=&#8221;default&#8221; desktop_text_alignment=&#8221;default&#8221; tablet_text_alignment=&#8221;default&#8221; phone_text_alignment=&#8221;default&#8221; background_color_opacity=&#8221;1&#8243; background_hover_color_opacity=&#8221;1&#8243; column_backdrop_filter=&#8221;none&#8221; column_shadow=&#8221;none&#8221; column_border_radius=&#8221;none&#8221; column_link_target=&#8221;_self&#8221; column_position=&#8221;default&#8221; gradient_direction=&#8221;left_to_right&#8221; overlay_strength=&#8221;0.3&#8243; width=&#8221;1\/1&#8243; tablet_width_inherit=&#8221;default&#8221; animation_type=&#8221;default&#8221; bg_image_animation=&#8221;none&#8221; border_type=&#8221;simple&#8221; column_border_width=&#8221;none&#8221; column_border_style=&#8221;solid&#8221;][\/vc_column][\/vc_row][vc_row type=&#8221;in_container&#8221; full_screen_row_position=&#8221;middle&#8221; column_margin=&#8221;default&#8221; column_direction=&#8221;default&#8221; column_direction_tablet=&#8221;default&#8221; column_direction_phone=&#8221;default&#8221; scene_position=&#8221;center&#8221; text_color=&#8221;dark&#8221; text_align=&#8221;left&#8221; row_border_radius=&#8221;none&#8221; row_border_radius_applies=&#8221;bg&#8221; row_position_desktop=&#8221;default&#8221; row_position_tablet=&#8221;inherit&#8221; row_position_phone=&#8221;inherit&#8221; overflow=&#8221;visible&#8221; overlay_strength=&#8221;0.3&#8243; gradient_direction=&#8221;left_to_right&#8221; shape_divider_position=&#8221;bottom&#8221; bg_image_animation=&#8221;none&#8221; shape_type=&#8221;&#8221;][vc_column column_padding=&#8221;padding-5-percent&#8221; column_padding_tablet=&#8221;inherit&#8221; column_padding_phone=&#8221;inherit&#8221; column_padding_position=&#8221;all&#8221; top_margin=&#8221;-8%&#8221; flex_gap_desktop=&#8221;10px&#8221; column_element_direction_desktop=&#8221;default&#8221; column_element_spacing=&#8221;default&#8221; centered_text=&#8221;true&#8221; desktop_text_alignment=&#8221;default&#8221; tablet_text_alignment=&#8221;default&#8221; phone_text_alignment=&#8221;default&#8221; background_color=&#8221;#829974&#8243; background_color_opacity=&#8221;1&#8243; background_hover_color_opacity=&#8221;1&#8243; column_backdrop_filter=&#8221;none&#8221; font_color=&#8221;#ffffff&#8221; column_shadow=&#8221;small_depth&#8221; column_border_radius=&#8221;none&#8221; column_link_target=&#8221;_self&#8221; column_position=&#8221;default&#8221; gradient_direction=&#8221;left_to_right&#8221; overlay_strength=&#8221;0.3&#8243; width=&#8221;1\/1&#8243; tablet_width_inherit=&#8221;default&#8221; animation_type=&#8221;default&#8221; bg_image_animation=&#8221;none&#8221; border_type=&#8221;simple&#8221; column_border_width=&#8221;none&#8221; column_border_style=&#8221;solid&#8221; column_padding_type=&#8221;default&#8221; gradient_type=&#8221;default&#8221;][vc_custom_heading text=&#8221;F\u00f6rr\u00e5d&#8221; font_container=&#8221;tag:h1|font_size:60|text_align:center|color:%23ffffff|line_height:70px&#8221; use_theme_fonts=&#8221;yes&#8221; css=&#8221;&#8221;][\/vc_column][\/vc_row][vc_row type=&#8221;in_container&#8221; full_screen_row_position=&#8221;middle&#8221; column_margin=&#8221;default&#8221; column_direction=&#8221;default&#8221; column_direction_tablet=&#8221;default&#8221; column_direction_phone=&#8221;default&#8221; scene_position=&#8221;center&#8221; top_padding=&#8221;5%&#8221; bottom_padding=&#8221;5%&#8221; text_color=&#8221;dark&#8221; text_align=&#8221;left&#8221; row_border_radius=&#8221;none&#8221; row_border_radius_applies=&#8221;bg&#8221; row_position_desktop=&#8221;default&#8221; row_position_tablet=&#8221;inherit&#8221; row_position_phone=&#8221;inherit&#8221; overflow=&#8221;visible&#8221; overlay_strength=&#8221;0.3&#8243; gradient_direction=&#8221;left_to_right&#8221; shape_divider_position=&#8221;bottom&#8221; bg_image_animation=&#8221;none&#8221; shape_type=&#8221;&#8221; gradient_type=&#8221;default&#8221;][vc_column column_padding=&#8221;no-extra-padding&#8221; column_padding_tablet=&#8221;inherit&#8221; column_padding_phone=&#8221;inherit&#8221; column_padding_position=&#8221;all&#8221; flex_gap_desktop=&#8221;10px&#8221; column_element_direction_desktop=&#8221;default&#8221; column_element_spacing=&#8221;default&#8221; desktop_text_alignment=&#8221;default&#8221; tablet_text_alignment=&#8221;default&#8221; phone_text_alignment=&#8221;default&#8221; background_color_opacity=&#8221;1&#8243; background_hover_color_opacity=&#8221;1&#8243; column_backdrop_filter=&#8221;none&#8221; column_shadow=&#8221;none&#8221; column_border_radius=&#8221;none&#8221; column_link_target=&#8221;_self&#8221; column_position=&#8221;default&#8221; gradient_direction=&#8221;left_to_right&#8221; overlay_strength=&#8221;0.3&#8243; width=&#8221;1\/4&#8243; tablet_width_inherit=&#8221;default&#8221; animation_type=&#8221;default&#8221; bg_image_animation=&#8221;none&#8221; border_type=&#8221;simple&#8221; column_border_width=&#8221;none&#8221; column_border_style=&#8221;solid&#8221;][vc_widget_sidebar sidebar_id=&#8221;blog-sidebar&#8221;][\/vc_column][vc_column left_padding_desktop=&#8221;5%&#8221; constrain_group_101=&#8221;yes&#8221; right_padding_desktop=&#8221;5%&#8221; left_padding_phone=&#8221;0&#8243; constrain_group_105=&#8221;yes&#8221; right_padding_phone=&#8221;0&#8243; flex_gap_desktop=&#8221;10px&#8221; column_element_direction_desktop=&#8221;default&#8221; column_element_spacing=&#8221;default&#8221; desktop_text_alignment=&#8221;default&#8221; tablet_text_alignment=&#8221;default&#8221; phone_text_alignment=&#8221;default&#8221; background_color_opacity=&#8221;1&#8243; background_hover_color_opacity=&#8221;1&#8243; column_backdrop_filter=&#8221;none&#8221; column_shadow=&#8221;none&#8221; column_border_radius=&#8221;none&#8221; column_link_target=&#8221;_self&#8221; column_position=&#8221;default&#8221; gradient_direction=&#8221;left_to_right&#8221; overlay_strength=&#8221;0.3&#8243; width=&#8221;3\/4&#8243; tablet_width_inherit=&#8221;default&#8221; animation_type=&#8221;default&#8221; bg_image_animation=&#8221;none&#8221; border_type=&#8221;simple&#8221; column_border_width=&#8221;none&#8221; column_border_style=&#8221;solid&#8221; column_padding_type=&#8221;advanced&#8221; gradient_type=&#8221;default&#8221;][vc_row_inner column_margin=&#8221;default&#8221; column_direction=&#8221;default&#8221; column_direction_tablet=&#8221;default&#8221; column_direction_phone=&#8221;default&#8221; bottom_padding=&#8221;3%&#8221; left_padding_desktop=&#8221;20&#8243; right_padding_desktop=&#8221;5&#8243; text_align=&#8221;left&#8221; row_position=&#8221;default&#8221; row_position_tablet=&#8221;inherit&#8221; row_position_phone=&#8221;inherit&#8221; overflow=&#8221;visible&#8221; pointer_events=&#8221;all&#8221;][vc_column_inner column_padding=&#8221;padding-7-percent&#8221; column_padding_tablet=&#8221;inherit&#8221; column_padding_phone=&#8221;inherit&#8221; column_padding_position=&#8221;right&#8221; flex_gap_desktop=&#8221;10px&#8221; column_element_direction_desktop=&#8221;default&#8221; column_element_spacing=&#8221;default&#8221; desktop_text_alignment=&#8221;default&#8221; tablet_text_alignment=&#8221;default&#8221; phone_text_alignment=&#8221;default&#8221; background_color_opacity=&#8221;1&#8243; background_hover_color_opacity=&#8221;1&#8243; column_backdrop_filter=&#8221;none&#8221; column_shadow=&#8221;none&#8221; column_border_radius=&#8221;none&#8221; column_link_target=&#8221;_self&#8221; overflow=&#8221;visible&#8221; gradient_direction=&#8221;left_to_right&#8221; overlay_strength=&#8221;0.3&#8243; width=&#8221;1\/1&#8243; tablet_width_inherit=&#8221;default&#8221; animation_type=&#8221;default&#8221; bg_image_animation=&#8221;none&#8221; border_type=&#8221;simple&#8221; column_border_width=&#8221;none&#8221; column_border_style=&#8221;solid&#8221;][vc_custom_heading text=&#8221;Gemensamma f\u00f6rr\u00e5d&#8221; font_container=&#8221;tag:h3|font_size:25px|text_align:left|color:%23829974|line_height:35px&#8221; use_theme_fonts=&#8221;yes&#8221; css=&#8221;&#8221;][divider line_type=&#8221;No Line&#8221; custom_height=&#8221;30&#8243;][vc_column_text css=&#8221;&#8221; text_direction=&#8221;default&#8221;]Bostadsobjekten har gemensamma f\u00f6rr\u00e5d f\u00f6r cyklar och barnvagnar. Du finner f\u00f6rr\u00e5den p\u00e5 en karta \u00f6ver omr\u00e5det p\u00e5 hyresg\u00e4stsidor. Under vinters\u00e4songen \u00e4r det bra att f\u00f6rvara cyklarna inne i cykelskjulen ur v\u00e4gen f\u00f6r sn\u00f6r\u00f6jningen. Observera att det inte \u00e4r till\u00e5tet att f\u00f6rvara egna tillh\u00f6righeter i korridorer och trapphus.<\/p>\n<p>Gemensamma f\u00f6rr\u00e5d \u00e4r avsedda f\u00f6r f\u00f6rvaring av cyklar, elcyklar (med batteriet borttaget) samt barnvagnar. <strong>F\u00f6rvaring av elmopeder och elscootrar i cykelf\u00f6rr\u00e5d \u00e4r f\u00f6rbjuden enligt TYS.<\/strong> Elmopeder och elscootrar ska f\u00f6rvaras utomhus i n\u00e4rheten av bostadshuset, i anslutning till cykelst\u00e4ll.[\/vc_column_text][\/vc_column_inner][\/vc_row_inner][vc_row_inner column_margin=&#8221;default&#8221; column_direction=&#8221;default&#8221; column_direction_tablet=&#8221;default&#8221; column_direction_phone=&#8221;default&#8221; bottom_padding=&#8221;3%&#8221; left_padding_desktop=&#8221;20&#8243; right_padding_desktop=&#8221;5&#8243; text_align=&#8221;left&#8221; row_position=&#8221;default&#8221; row_position_tablet=&#8221;inherit&#8221; row_position_phone=&#8221;inherit&#8221; overflow=&#8221;visible&#8221; pointer_events=&#8221;all&#8221;][vc_column_inner column_padding=&#8221;padding-7-percent&#8221; column_padding_tablet=&#8221;inherit&#8221; column_padding_phone=&#8221;inherit&#8221; column_padding_position=&#8221;right&#8221; flex_gap_desktop=&#8221;10px&#8221; column_element_direction_desktop=&#8221;default&#8221; column_element_spacing=&#8221;default&#8221; desktop_text_alignment=&#8221;default&#8221; tablet_text_alignment=&#8221;default&#8221; phone_text_alignment=&#8221;default&#8221; background_color_opacity=&#8221;1&#8243; background_hover_color_opacity=&#8221;1&#8243; column_backdrop_filter=&#8221;none&#8221; column_shadow=&#8221;none&#8221; column_border_radius=&#8221;none&#8221; column_link_target=&#8221;_self&#8221; overflow=&#8221;visible&#8221; gradient_direction=&#8221;left_to_right&#8221; overlay_strength=&#8221;0.3&#8243; width=&#8221;1\/1&#8243; tablet_width_inherit=&#8221;default&#8221; animation_type=&#8221;default&#8221; bg_image_animation=&#8221;none&#8221; border_type=&#8221;simple&#8221; column_border_width=&#8221;none&#8221; column_border_style=&#8221;solid&#8221;][vc_custom_heading text=&#8221;Bostadsspecifika f\u00f6rr\u00e5d&#8221; font_container=&#8221;tag:h3|font_size:25px|text_align:left|color:%23829974|line_height:35px&#8221; use_theme_fonts=&#8221;yes&#8221; css=&#8221;&#8221;][divider line_type=&#8221;No Line&#8221; custom_height=&#8221;30&#8243;][vc_column_text css=&#8221;&#8221; text_direction=&#8221;default&#8221;]N\u00e4stan alla v\u00e5ra objekt har bostadsspecifika eller individuellt bokningsbara f\u00f6rr\u00e5d. Mer detaljerad information om ditt egna objekts f\u00f6rr\u00e5d, l\u00e5s och l\u00e4gen finns p\u00e5 hyresg\u00e4stens sidor.<\/p>\n<p>F\u00f6rr\u00e5d i Yo-talot C kostar 12\u20ac (eng\u00e5ngssumma, f\u00f6rr\u00e5dets storlek motsvarar ett omkl\u00e4dningsb\u00e5s), och debiteras separat. Anv\u00e4ndningsavgiften f\u00f6r Studentbyns f\u00f6rr\u00e5d \u00e4r 8\u20ac\/m\u00e5n.[\/vc_column_text][nectar_btn size=&#8221;large&#8221; open_new_tab=&#8221;true&#8221; button_style=&#8221;regular&#8221; button_color_2=&#8221;Extra-Color-1&#8243; icon_family=&#8221;default_arrow&#8221; text=&#8221;Villkor fo\u0308r reservering av fo\u0308rra\u030adba\u030as&#8221; margin_top=&#8221;30&#8243; url=&#8221;\/wp-content\/uploads\/2019\/05\/Villkor-fo\u0308r-reservering-av-fo\u0308rra\u030adba\u030as.pdf&#8221;][\/vc_column_inner][\/vc_row_inner][vc_row_inner column_margin=&#8221;default&#8221; column_direction=&#8221;default&#8221; column_direction_tablet=&#8221;default&#8221; column_direction_phone=&#8221;default&#8221; bottom_padding=&#8221;3%&#8221; left_padding_desktop=&#8221;20&#8243; right_padding_desktop=&#8221;5&#8243; text_align=&#8221;left&#8221; row_position=&#8221;default&#8221; row_position_tablet=&#8221;inherit&#8221; row_position_phone=&#8221;inherit&#8221; overflow=&#8221;visible&#8221; pointer_events=&#8221;all&#8221;][vc_column_inner column_padding=&#8221;padding-7-percent&#8221; column_padding_tablet=&#8221;inherit&#8221; column_padding_phone=&#8221;inherit&#8221; column_padding_position=&#8221;all&#8221; column_element_direction_desktop=&#8221;default&#8221; column_element_spacing=&#8221;default&#8221; desktop_text_alignment=&#8221;default&#8221; tablet_text_alignment=&#8221;default&#8221; phone_text_alignment=&#8221;default&#8221; background_color=&#8221;#F7F7F7&#8243; background_color_opacity=&#8221;1&#8243; background_hover_color_opacity=&#8221;1&#8243; column_backdrop_filter=&#8221;none&#8221; column_shadow=&#8221;none&#8221; column_border_radius=&#8221;none&#8221; column_link_target=&#8221;_self&#8221; overflow=&#8221;visible&#8221; gradient_direction=&#8221;left_to_right&#8221; overlay_strength=&#8221;0.3&#8243; width=&#8221;1\/1&#8243; tablet_width_inherit=&#8221;default&#8221; animation_type=&#8221;default&#8221; bg_image_animation=&#8221;none&#8221; border_type=&#8221;simple&#8221; column_border_width=&#8221;none&#8221; column_border_style=&#8221;solid&#8221; column_padding_type=&#8221;default&#8221; content_layout=&#8221;default&#8221; gradient_type=&#8221;default&#8221;][vc_custom_heading text=&#8221;Att notera g\u00e4llande f\u00f6rr\u00e5d&#8221; font_container=&#8221;tag:h3|font_size:25px|text_align:left|color:%23829974|line_height:35px&#8221; use_theme_fonts=&#8221;yes&#8221; css=&#8221;&#8221;][divider line_type=&#8221;No Line&#8221; custom_height=&#8221;30&#8243;]<div class=\"nectar-fancy-ul\" data-list-icon=\"fa fa-angle-right\" data-animation=\"false\" data-animation-delay=\"0\" data-color=\"accent-color\" data-spacing=\"default\" data-alignment=\"left\"> \n<ul>\n<li>F\u00f6rvaring av elmopeder och elscootrar i cykelf\u00f6rr\u00e5d \u00e4r f\u00f6rbjuden enligt TYS.<\/li>\n<li>Cykelf\u00f6rr\u00e5den och cykelst\u00e4llen \u00e4r avsedda endast f\u00f6r cyklar som \u00e4r i aktivt bruk. Cykeldelar eller cyklar som inte anv\u00e4nds f\u00e5r inte f\u00f6rvaras i cykelf\u00f6rr\u00e5den eller cykelst\u00e4llen.<\/li>\n<li>Det \u00e4r f\u00f6rbjudet att f\u00f6rvara l\u00f6segendom i de gemensamma utrymmena, i korridorer eller i andra f\u00f6rr\u00e5d. TYS avl\u00e4gsnar f\u00f6rem\u00e5l som l\u00e4mnats i korridorerna och levererar dem till \u00e5tervinning.<\/li>\n<li>TYS ansvarar inte f\u00f6r f\u00f6rem\u00e5l som har l\u00e4mnats p\u00e5 platser d\u00e4r de inte h\u00f6r hemma.<\/li>\n<li>F\u00f6rvaring av f\u00f6rem\u00e5l i f\u00f6rr\u00e5det \u00e4r alltid hyresg\u00e4stens ansvar. TYS ansvarar inte f\u00f6r eventuell skada som kan uppst\u00e5 p\u00e5 f\u00f6rem\u00e5l som f\u00f6rvaras i f\u00f6rr\u00e5det.<\/li>\n<li>Hyresg\u00e4sten \u00e5tar sig att t\u00f6mma f\u00f6rr\u00e5dssk\u00e5pet och l\u00e4mna det tomt vid hyresf\u00f6rh\u00e5llandets slut.<\/li>\n<\/ul>\n <\/div>[\/vc_column_inner][\/vc_row_inner][\/vc_column][\/vc_row][vc_row type=&#8221;in_container&#8221; full_screen_row_position=&#8221;middle&#8221; column_margin=&#8221;default&#8221; column_direction=&#8221;default&#8221; column_direction_tablet=&#8221;default&#8221; column_direction_phone=&#8221;default&#8221; scene_position=&#8221;center&#8221; text_color=&#8221;dark&#8221; text_align=&#8221;left&#8221; row_border_radius=&#8221;none&#8221; row_border_radius_applies=&#8221;bg&#8221; row_position_desktop=&#8221;default&#8221; row_position_tablet=&#8221;inherit&#8221; row_position_phone=&#8221;inherit&#8221; overflow=&#8221;visible&#8221; overlay_strength=&#8221;0.3&#8243; gradient_direction=&#8221;left_to_right&#8221; shape_divider_position=&#8221;bottom&#8221; bg_image_animation=&#8221;none&#8221;][vc_column column_padding=&#8221;no-extra-padding&#8221; column_padding_tablet=&#8221;inherit&#8221; column_padding_phone=&#8221;inherit&#8221; column_padding_position=&#8221;all&#8221; flex_gap_desktop=&#8221;10px&#8221; column_element_direction_desktop=&#8221;default&#8221; column_element_spacing=&#8221;default&#8221; desktop_text_alignment=&#8221;default&#8221; tablet_text_alignment=&#8221;default&#8221; phone_text_alignment=&#8221;default&#8221; background_color_opacity=&#8221;1&#8243; background_hover_color_opacity=&#8221;1&#8243; column_backdrop_filter=&#8221;none&#8221; column_shadow=&#8221;none&#8221; column_border_radius=&#8221;none&#8221; column_link_target=&#8221;_self&#8221; column_position=&#8221;default&#8221; gradient_direction=&#8221;left_to_right&#8221; overlay_strength=&#8221;0.3&#8243; width=&#8221;1\/1&#8243; tablet_width_inherit=&#8221;default&#8221; animation_type=&#8221;default&#8221; bg_image_animation=&#8221;none&#8221; border_type=&#8221;simple&#8221; column_border_width=&#8221;none&#8221; column_border_style=&#8221;solid&#8221;][nectar_global_section id=&#8221;31385&#8243;][\/vc_column][\/vc_row]\n","protected":false},"excerpt":{"rendered":"<p>[vc_row type=&#8221;full_width_background&#8221; full_screen_row_position=&#8221;middle&#8221; column_margin=&#8221;default&#8221; column_direction=&#8221;default&#8221; column_direction_tablet=&#8221;default&#8221; column_direction_phone=&#8221;default&#8221; bg_image=&#8221;26886&#8243; bg_image_type=&#8221;default&#8221; bg_position=&#8221;center center&#8221; background_image_loading=&#8221;default&#8221; bg_repeat=&#8221;no-repeat&#8221; scene_position=&#8221;center&#8221; top_padding=&#8221;15%&#8221;&#8230;<\/p>\n","protected":false},"author":1,"featured_media":0,"parent":27009,"menu_order":0,"comment_status":"closed","ping_status":"closed","template":"","meta":{"footnotes":""},"class_list":["post-31253","page","type-page","status-publish"],"yoast_head":"<!-- This site is optimized with the Yoast SEO plugin v27.5 - https:\/\/yoast.com\/product\/yoast-seo-wordpress\/ -->\n<title>TYS | Asukkaan opas | F\u00f6rr\u00e5d<\/title>\n<meta name=\"description\" content=\"Monista TYSin asuntokohteista l\u00f6ytyy erillinen grillipaikka.\" \/>\n<meta name=\"robots\" content=\"index, follow, max-snippet:-1, max-image-preview:large, max-video-preview:-1\" \/>\n<link rel=\"canonical\" href=\"https:\/\/tys.fi\/sv\/hyresgastens-handbok\/forrad\" \/>\n<meta property=\"og:locale\" content=\"sv_SE\" \/>\n<meta property=\"og:type\" content=\"article\" \/>\n<meta property=\"og:title\" content=\"TYS | Asukkaan opas | F\u00f6rr\u00e5d\" \/>\n<meta property=\"og:description\" content=\"Monista TYSin asuntokohteista l\u00f6ytyy erillinen grillipaikka.\" \/>\n<meta property=\"og:url\" content=\"https:\/\/tys.fi\/sv\/hyresgastens-handbok\/forrad\" \/>\n<meta property=\"og:site_name\" content=\"Turun Ylioppilaskyl&auml;s&auml;&auml;ti&ouml;\" \/>\n<meta property=\"article:publisher\" content=\"https:\/\/www.facebook.com\/tysturku\/\" \/>\n<meta name=\"twitter:card\" content=\"summary_large_image\" \/>\n<meta name=\"twitter:site\" content=\"@tysturku\" \/>\n<meta name=\"twitter:label1\" content=\"Ber\u00e4knad l\u00e4stid\" \/>\n\t<meta name=\"twitter:data1\" content=\"2 minuter\" \/>\n<script type=\"application\/ld+json\" class=\"yoast-schema-graph\">{\"@context\":\"https:\\\/\\\/schema.org\",\"@graph\":[{\"@type\":\"WebPage\",\"@id\":\"https:\\\/\\\/tys.fi\\\/sv\\\/hyresgastens-handbok\\\/forrad\",\"url\":\"https:\\\/\\\/tys.fi\\\/sv\\\/hyresgastens-handbok\\\/forrad\",\"name\":\"TYS | Asukkaan opas | F\u00f6rr\u00e5d\",\"isPartOf\":{\"@id\":\"https:\\\/\\\/tys.fi\\\/#website\"},\"datePublished\":\"2026-04-29T07:36:40+00:00\",\"description\":\"Monista TYSin asuntokohteista l\u00f6ytyy erillinen grillipaikka.\",\"breadcrumb\":{\"@id\":\"https:\\\/\\\/tys.fi\\\/sv\\\/hyresgastens-handbok\\\/forrad#breadcrumb\"},\"inLanguage\":\"sv-SE\",\"potentialAction\":[{\"@type\":\"ReadAction\",\"target\":[\"https:\\\/\\\/tys.fi\\\/sv\\\/hyresgastens-handbok\\\/forrad\"]}]},{\"@type\":\"BreadcrumbList\",\"@id\":\"https:\\\/\\\/tys.fi\\\/sv\\\/hyresgastens-handbok\\\/forrad#breadcrumb\",\"itemListElement\":[{\"@type\":\"ListItem\",\"position\":1,\"name\":\"Home\",\"item\":\"https:\\\/\\\/tys.fi\\\/sv\"},{\"@type\":\"ListItem\",\"position\":2,\"name\":\"Hyresg\u00e4stens handbok\",\"item\":\"https:\\\/\\\/tys.fi\\\/sv\\\/hyresgastens-handbok\"},{\"@type\":\"ListItem\",\"position\":3,\"name\":\"F\u00f6rr\u00e5d\"}]},{\"@type\":\"WebSite\",\"@id\":\"https:\\\/\\\/tys.fi\\\/#website\",\"url\":\"https:\\\/\\\/tys.fi\\\/\",\"name\":\"Turun Ylioppilaskyl\u00e4s\u00e4\u00e4ti\u00f6\",\"description\":\"Vuokra-asunnot Turku\",\"publisher\":{\"@id\":\"https:\\\/\\\/tys.fi\\\/#organization\"},\"potentialAction\":[{\"@type\":\"SearchAction\",\"target\":{\"@type\":\"EntryPoint\",\"urlTemplate\":\"https:\\\/\\\/tys.fi\\\/?s={search_term_string}\"},\"query-input\":{\"@type\":\"PropertyValueSpecification\",\"valueRequired\":true,\"valueName\":\"search_term_string\"}}],\"inLanguage\":\"sv-SE\"},{\"@type\":\"Organization\",\"@id\":\"https:\\\/\\\/tys.fi\\\/#organization\",\"name\":\"TYS\",\"url\":\"https:\\\/\\\/tys.fi\\\/\",\"logo\":{\"@type\":\"ImageObject\",\"inLanguage\":\"sv-SE\",\"@id\":\"https:\\\/\\\/tys.fi\\\/#\\\/schema\\\/logo\\\/image\\\/\",\"url\":\"https:\\\/\\\/tys.fi\\\/wp-content\\\/uploads\\\/2019\\\/03\\\/TYS-Logo_Green_500px.png\",\"contentUrl\":\"https:\\\/\\\/tys.fi\\\/wp-content\\\/uploads\\\/2019\\\/03\\\/TYS-Logo_Green_500px.png\",\"width\":500,\"height\":232,\"caption\":\"TYS\"},\"image\":{\"@id\":\"https:\\\/\\\/tys.fi\\\/#\\\/schema\\\/logo\\\/image\\\/\"},\"sameAs\":[\"https:\\\/\\\/www.facebook.com\\\/tysturku\\\/\",\"https:\\\/\\\/x.com\\\/tysturku\",\"https:\\\/\\\/www.instagram.com\\\/tysturku\\\/\",\"https:\\\/\\\/www.linkedin.com\\\/company\\\/tysturku\\\/\",\"https:\\\/\\\/www.youtube.com\\\/channel\\\/UCjKOs8BOiY0SORCB0WWixlw?view_as=subscriber\",\"https:\\\/\\\/fi.wikipedia.org\\\/wiki\\\/Turun_ylioppilaskyl\u00e4s\u00e4\u00e4ti\u00f6\"]}]}<\/script>\n<!-- \/ Yoast SEO plugin. -->","yoast_head_json":{"title":"TYS | Asukkaan opas | F\u00f6rr\u00e5d","description":"Monista TYSin asuntokohteista l\u00f6ytyy erillinen grillipaikka.","robots":{"index":"index","follow":"follow","max-snippet":"max-snippet:-1","max-image-preview":"max-image-preview:large","max-video-preview":"max-video-preview:-1"},"canonical":"https:\/\/tys.fi\/sv\/hyresgastens-handbok\/forrad","og_locale":"sv_SE","og_type":"article","og_title":"TYS | Asukkaan opas | F\u00f6rr\u00e5d","og_description":"Monista TYSin asuntokohteista l\u00f6ytyy erillinen grillipaikka.","og_url":"https:\/\/tys.fi\/sv\/hyresgastens-handbok\/forrad","og_site_name":"Turun Ylioppilaskyl&auml;s&auml;&auml;ti&ouml;","article_publisher":"https:\/\/www.facebook.com\/tysturku\/","twitter_card":"summary_large_image","twitter_site":"@tysturku","twitter_misc":{"Ber\u00e4knad l\u00e4stid":"2 minuter"},"schema":{"@context":"https:\/\/schema.org","@graph":[{"@type":"WebPage","@id":"https:\/\/tys.fi\/sv\/hyresgastens-handbok\/forrad","url":"https:\/\/tys.fi\/sv\/hyresgastens-handbok\/forrad","name":"TYS | Asukkaan opas | F\u00f6rr\u00e5d","isPartOf":{"@id":"https:\/\/tys.fi\/#website"},"datePublished":"2026-04-29T07:36:40+00:00","description":"Monista TYSin asuntokohteista l\u00f6ytyy erillinen grillipaikka.","breadcrumb":{"@id":"https:\/\/tys.fi\/sv\/hyresgastens-handbok\/forrad#breadcrumb"},"inLanguage":"sv-SE","potentialAction":[{"@type":"ReadAction","target":["https:\/\/tys.fi\/sv\/hyresgastens-handbok\/forrad"]}]},{"@type":"BreadcrumbList","@id":"https:\/\/tys.fi\/sv\/hyresgastens-handbok\/forrad#breadcrumb","itemListElement":[{"@type":"ListItem","position":1,"name":"Home","item":"https:\/\/tys.fi\/sv"},{"@type":"ListItem","position":2,"name":"Hyresg\u00e4stens handbok","item":"https:\/\/tys.fi\/sv\/hyresgastens-handbok"},{"@type":"ListItem","position":3,"name":"F\u00f6rr\u00e5d"}]},{"@type":"WebSite","@id":"https:\/\/tys.fi\/#website","url":"https:\/\/tys.fi\/","name":"Turun Ylioppilaskyl\u00e4s\u00e4\u00e4ti\u00f6","description":"Vuokra-asunnot Turku","publisher":{"@id":"https:\/\/tys.fi\/#organization"},"potentialAction":[{"@type":"SearchAction","target":{"@type":"EntryPoint","urlTemplate":"https:\/\/tys.fi\/?s={search_term_string}"},"query-input":{"@type":"PropertyValueSpecification","valueRequired":true,"valueName":"search_term_string"}}],"inLanguage":"sv-SE"},{"@type":"Organization","@id":"https:\/\/tys.fi\/#organization","name":"TYS","url":"https:\/\/tys.fi\/","logo":{"@type":"ImageObject","inLanguage":"sv-SE","@id":"https:\/\/tys.fi\/#\/schema\/logo\/image\/","url":"https:\/\/tys.fi\/wp-content\/uploads\/2019\/03\/TYS-Logo_Green_500px.png","contentUrl":"https:\/\/tys.fi\/wp-content\/uploads\/2019\/03\/TYS-Logo_Green_500px.png","width":500,"height":232,"caption":"TYS"},"image":{"@id":"https:\/\/tys.fi\/#\/schema\/logo\/image\/"},"sameAs":["https:\/\/www.facebook.com\/tysturku\/","https:\/\/x.com\/tysturku","https:\/\/www.instagram.com\/tysturku\/","https:\/\/www.linkedin.com\/company\/tysturku\/","https:\/\/www.youtube.com\/channel\/UCjKOs8BOiY0SORCB0WWixlw?view_as=subscriber","https:\/\/fi.wikipedia.org\/wiki\/Turun_ylioppilaskyl\u00e4s\u00e4\u00e4ti\u00f6"]}]}},"_links":{"self":[{"href":"https:\/\/tys.fi\/sv\/wp-json\/wp\/v2\/pages\/31253","targetHints":{"allow":["GET"]}}],"collection":[{"href":"https:\/\/tys.fi\/sv\/wp-json\/wp\/v2\/pages"}],"about":[{"href":"https:\/\/tys.fi\/sv\/wp-json\/wp\/v2\/types\/page"}],"author":[{"embeddable":true,"href":"https:\/\/tys.fi\/sv\/wp-json\/wp\/v2\/users\/1"}],"replies":[{"embeddable":true,"href":"https:\/\/tys.fi\/sv\/wp-json\/wp\/v2\/comments?post=31253"}],"version-history":[{"count":2,"href":"https:\/\/tys.fi\/sv\/wp-json\/wp\/v2\/pages\/31253\/revisions"}],"predecessor-version":[{"id":31422,"href":"https:\/\/tys.fi\/sv\/wp-json\/wp\/v2\/pages\/31253\/revisions\/31422"}],"up":[{"embeddable":true,"href":"https:\/\/tys.fi\/sv\/wp-json\/wp\/v2\/pages\/27009"}],"wp:attachment":[{"href":"https:\/\/tys.fi\/sv\/wp-json\/wp\/v2\/media?parent=31253"}],"curies":[{"name":"wp","href":"https:\/\/api.w.org\/{rel}","templated":true}]}}