{"id":1539,"date":"2019-04-01T09:36:46","date_gmt":"2019-04-01T06:36:46","guid":{"rendered":"https:\/\/tys.fi\/sisaanmuutto"},"modified":"2026-01-27T13:36:21","modified_gmt":"2026-01-27T11:36:21","slug":"hyresgaster-inflyttning","status":"publish","type":"page","link":"https:\/\/tys.fi\/sv\/hyresgaster-inflyttning","title":{"rendered":"Inflyttning"},"content":{"rendered":"[vc_row type=&#8221;full_width_background&#8221; full_screen_row_position=&#8221;middle&#8221; column_margin=&#8221;default&#8221; column_direction=&#8221;default&#8221; column_direction_tablet=&#8221;default&#8221; column_direction_phone=&#8221;default&#8221; bg_image=&#8221;15&#8243; bg_image_type=&#8221;default&#8221; bg_position=&#8221;center top&#8221; background_image_loading=&#8221;default&#8221; bg_repeat=&#8221;no-repeat&#8221; scene_position=&#8221;center&#8221; top_padding=&#8221;10%&#8221; bottom_padding=&#8221;10%&#8221; text_color=&#8221;light&#8221; text_align=&#8221;center&#8221; row_border_radius=&#8221;none&#8221; row_border_radius_applies=&#8221;bg&#8221; row_position_desktop=&#8221;default&#8221; row_position_tablet=&#8221;inherit&#8221; row_position_phone=&#8221;inherit&#8221; overflow=&#8221;visible&#8221; overlay_strength=&#8221;0.3&#8243; gradient_direction=&#8221;left_to_right&#8221; shape_divider_color=&#8221;#ffffff&#8221; shape_divider_position=&#8221;bottom&#8221; bg_image_animation=&#8221;none&#8221; parallax_bg=&#8221;true&#8221; parallax_bg_speed=&#8221;fast&#8221; shape_type=&#8221;curve&#8221;][vc_column column_padding=&#8221;no-extra-padding&#8221; column_padding_tablet=&#8221;inherit&#8221; column_padding_phone=&#8221;inherit&#8221; column_padding_position=&#8221;all&#8221; flex_gap_desktop=&#8221;10px&#8221; column_element_direction_desktop=&#8221;default&#8221; column_element_spacing=&#8221;default&#8221; desktop_text_alignment=&#8221;default&#8221; tablet_text_alignment=&#8221;default&#8221; phone_text_alignment=&#8221;default&#8221; background_color_opacity=&#8221;1&#8243; background_hover_color_opacity=&#8221;1&#8243; column_backdrop_filter=&#8221;none&#8221; column_shadow=&#8221;none&#8221; column_border_radius=&#8221;none&#8221; column_link_target=&#8221;_self&#8221; column_position=&#8221;default&#8221; gradient_direction=&#8221;left_to_right&#8221; overlay_strength=&#8221;0.3&#8243; width=&#8221;1\/1&#8243; tablet_width_inherit=&#8221;default&#8221; animation_type=&#8221;default&#8221; bg_image_animation=&#8221;none&#8221; border_type=&#8221;simple&#8221; column_border_width=&#8221;none&#8221; column_border_style=&#8221;solid&#8221;][vc_custom_heading text=&#8221;V\u00e4lkommen att bo hos TYS!&#8221; font_container=&#8221;tag:h1|font_size:60|text_align:center|color:%23ffffff|line_height:70px&#8221; use_theme_fonts=&#8221;yes&#8221;][\/vc_column][\/vc_row][vc_row type=&#8221;in_container&#8221; full_screen_row_position=&#8221;middle&#8221; column_margin=&#8221;default&#8221; column_direction=&#8221;default&#8221; column_direction_tablet=&#8221;default&#8221; column_direction_phone=&#8221;default&#8221; scene_position=&#8221;center&#8221; text_color=&#8221;dark&#8221; text_align=&#8221;left&#8221; row_border_radius=&#8221;none&#8221; row_border_radius_applies=&#8221;bg&#8221; row_position_desktop=&#8221;default&#8221; row_position_tablet=&#8221;inherit&#8221; row_position_phone=&#8221;inherit&#8221; overflow=&#8221;visible&#8221; overlay_strength=&#8221;0.3&#8243; gradient_direction=&#8221;left_to_right&#8221; shape_divider_position=&#8221;bottom&#8221; bg_image_animation=&#8221;none&#8221; shape_type=&#8221;&#8221;][vc_column column_padding=&#8221;padding-5-percent&#8221; column_padding_tablet=&#8221;inherit&#8221; column_padding_phone=&#8221;inherit&#8221; column_padding_position=&#8221;all&#8221; top_margin=&#8221;-8%&#8221; flex_gap_desktop=&#8221;10px&#8221; column_element_direction_desktop=&#8221;default&#8221; column_element_spacing=&#8221;default&#8221; centered_text=&#8221;true&#8221; desktop_text_alignment=&#8221;default&#8221; tablet_text_alignment=&#8221;default&#8221; phone_text_alignment=&#8221;default&#8221; background_color=&#8221;#e1a59b&#8221; background_color_opacity=&#8221;1&#8243; background_hover_color_opacity=&#8221;1&#8243; column_backdrop_filter=&#8221;none&#8221; font_color=&#8221;#ffffff&#8221; column_shadow=&#8221;small_depth&#8221; column_border_radius=&#8221;none&#8221; column_link_target=&#8221;_self&#8221; column_position=&#8221;default&#8221; gradient_direction=&#8221;left_to_right&#8221; overlay_strength=&#8221;0.3&#8243; width=&#8221;1\/1&#8243; tablet_width_inherit=&#8221;default&#8221; animation_type=&#8221;default&#8221; bg_image_animation=&#8221;none&#8221; border_type=&#8221;simple&#8221; column_border_width=&#8221;none&#8221; column_border_style=&#8221;solid&#8221;][vc_custom_heading text=&#8221;Grattis till den nya bostaden!<br \/>\nP\u00e5 den h\u00e4r sidan hittar du den viktigaste informationen om inflyttningen&#8221; font_container=&#8221;tag:h2|text_align:center|color:%23ffffff&#8221; use_theme_fonts=&#8221;yes&#8221;][\/vc_column][\/vc_row][vc_row type=&#8221;in_container&#8221; full_screen_row_position=&#8221;middle&#8221; column_margin=&#8221;default&#8221; column_direction=&#8221;default&#8221; column_direction_tablet=&#8221;default&#8221; column_direction_phone=&#8221;default&#8221; scene_position=&#8221;center&#8221; top_padding=&#8221;2%&#8221; bottom_padding=&#8221;2%&#8221; text_color=&#8221;dark&#8221; text_align=&#8221;left&#8221; row_border_radius=&#8221;none&#8221; row_border_radius_applies=&#8221;bg&#8221; row_position_desktop=&#8221;default&#8221; row_position_tablet=&#8221;inherit&#8221; row_position_phone=&#8221;inherit&#8221; overflow=&#8221;visible&#8221; overlay_strength=&#8221;0.3&#8243; gradient_direction=&#8221;left_to_right&#8221; shape_divider_position=&#8221;bottom&#8221; bg_image_animation=&#8221;none&#8221; shape_type=&#8221;&#8221;][vc_column column_padding=&#8221;padding-5-percent&#8221; column_padding_tablet=&#8221;inherit&#8221; column_padding_phone=&#8221;inherit&#8221; column_padding_position=&#8221;left-right&#8221; flex_gap_desktop=&#8221;10px&#8221; column_element_direction_desktop=&#8221;default&#8221; column_element_spacing=&#8221;default&#8221; desktop_text_alignment=&#8221;default&#8221; tablet_text_alignment=&#8221;default&#8221; phone_text_alignment=&#8221;default&#8221; background_color_opacity=&#8221;1&#8243; background_hover_color_opacity=&#8221;1&#8243; column_backdrop_filter=&#8221;none&#8221; column_shadow=&#8221;none&#8221; column_border_radius=&#8221;none&#8221; column_link_target=&#8221;_self&#8221; column_position=&#8221;default&#8221; gradient_direction=&#8221;left_to_right&#8221; overlay_strength=&#8221;0.3&#8243; width=&#8221;1\/2&#8243; tablet_width_inherit=&#8221;default&#8221; animation_type=&#8221;default&#8221; bg_image_animation=&#8221;none&#8221; border_type=&#8221;simple&#8221; column_border_width=&#8221;none&#8221; column_border_style=&#8221;solid&#8221;][vc_custom_heading text=&#8221;Inflyttning&#8221; font_container=&#8221;tag:h3|text_align:left|color:%23829974&#8243; use_theme_fonts=&#8221;yes&#8221;][divider line_type=&#8221;No Line&#8221; custom_height=&#8221;30&#8243;][vc_column_text css=&#8221;&#8221; text_direction=&#8221;default&#8221;]<strong>Inflyttningsenk\u00e4t<\/strong><\/p>\n<p>TYS skickar en inflyttningsenk\u00e4t till alla nya hyresg\u00e4ster. Enk\u00e4ten skickas via v\u00e5r samarbetspartner Experqs enk\u00e4tssystem, antingen per e-post fr\u00e5n adressen <a class=\"decorated-link cursor-pointer\" rel=\"noopener\" data-start=\"466\" data-end=\"483\">mirror@experq.com<\/a> eller per textmeddelande.<\/p>\n<p><strong>Flyttanm\u00e4lan<br \/>\n<\/strong><br \/>\nKom ih\u00e5g att g\u00f6ra flyttanm\u00e4lan! Du kan g\u00f6ra den online p\u00e5 <a href=\"http:\/\/www.posti.fi\/flyttanmalan\">www.posti.fi\/flyttanmalan<\/a>\/ eller <a href=\"https:\/\/dvv.fi\/sv\/privatpersoner\">https:\/\/dvv.fi\/sv\/privatpersoner<\/a>. Flyttanm\u00e4lan b\u00f6r g\u00f6ras senast en vecka f\u00f6re flytten.<br \/>\nSe ocks\u00e5 till att ditt namn finns p\u00e5 ytterd\u00f6rren till din l\u00e4genhet. Du f\u00e5r en namnlapp fr\u00e5n <a href=\"https:\/\/tys.fi\/sv\/bostadsbyran\">TYS byr\u00e5n<\/a>. P\u00e5 byr\u00e5n kan du ocks\u00e5 h\u00e4mta \u201dingen reklam\u201d och \u201dhusdjur i l\u00e4genheten\u201d-dekaler.<\/p>\n<p><strong>Ordningsregler<\/strong><\/p>\n<p>Alla TYS hyresg\u00e4ster har f\u00f6rbundit sig till att f\u00f6lja ordningsreglerna redan n\u00e4r de accepterat bostadserbjudandet. Du hittar ordningsreglerna p\u00e5 <a href=\"https:\/\/tys.fi\/sv\/ordningsregler\">https:\/\/tys.fi\/sv\/ordningsregler<\/a><\/p>\n<p><strong>Hyresg\u00e4stsidor<\/strong><\/p>\n<p>Du kan sk\u00f6ta alla \u00e4renden som har med ditt boende att g\u00f6ra via TYS hyresg\u00e4stsidor. P\u00e5 hyresg\u00e4stsidorna hittar du en omr\u00e5deskarta \u00f6ver ditt bostadsobjekt och till exempel information om f\u00f6rr\u00e5d och en eventuell d\u00f6rrkod p\u00e5 dina hyresg\u00e4stsidor.<\/p>\n<p>P\u00e5 hyresg\u00e4stsidorna publiceras alla meddelanden som g\u00e4ller hyresg\u00e4stverksamheten samt information om s\u00e5dana underh\u00e5lls- och reparationsarbeten som utf\u00f6rs i fastigheterna och som inte direkt p\u00e5verkar boendet eller kr\u00e4ver tilltr\u00e4de till l\u00e4genheterna. Till exempel informerar vi separat via e-post om vatten- och elavbrott samt arbeten som kr\u00e4ver tilltr\u00e4de till l\u00e4genheterna.<\/p>\n<p>Inloggningsuppgifter till hyresg\u00e4stsidorna har du f\u00e5tt i samband med att du skickat in din ans\u00f6kan.<\/p>\n<p><strong>Hyresfaktura<\/strong><\/p>\n<p>Hyresg\u00e4sterna f\u00e5r hela \u00e5rets hyresfaktura per e-post i b\u00f6rjan av avtalsperioden. Fakturan hittar du ocks\u00e5 alltid p\u00e5 dina hyresg\u00e4stsidor och om du vill du kan betala din hyresfraktura i hyresg\u00e4stsidor. F\u00f6rfallodagen \u00e4r den 6:e varje m\u00e5nad, referensnumret \u00e4r detsamma under hela \u00e5ret. Obs! H\u00e5ll din e-post uppdaterad p\u00e5 hyresg\u00e4stsidorna s\u00e5 att alla viktiga meddelanden n\u00e5r dig.<\/p>\n<p><strong>Nycklar och journummer<\/strong><\/p>\n<p>En ny hyresg\u00e4st f\u00e5r sin nyckel fr\u00e5n TYS byr\u00e5n fr\u00e5n och med den f\u00f6rsta vardagen i m\u00e5naden kl 12. Hyresg\u00e4stern informeras separat om nyckeln ska h\u00e4mtas fr\u00e5n TYS byr\u00e5n eller fr\u00e5n nyckelautomaten. Beroende p\u00e5 vilken s\u00f6kmetod, kan nyckeln h\u00e4mtas senare fr\u00e5n automaten eller TYS byr\u00e5n under<a href=\"https:\/\/tys.fi\/sv\/bostadsbyran\">\u00a0\u00f6ppettider<\/a>. Om du kommer f\u00f6r att h\u00e4mta nyckeln fr\u00e5n TYS byr\u00e5n, ta med dig identitetsbevis.<\/p>\n<p>F\u00f6r br\u00e5dskande servicearbeten utanf\u00f6r byr\u00e5ns \u00f6ppettider hyresg\u00e4ster (f\u00f6rutom Iltakajo) kan ringa p\u00e5 Arkea fastighetsunderh\u00e5lls journummer tlf. +358 500 523 759 (msa\/lna). Fastighetsunderh\u00e5lls journumner f\u00f6r Iltakajo \u00e4r tlf. +358 2 275 2138 (msa\/lna).<\/p>\n<p>F\u00f6r l\u00e5s\u00f6ppningar utanf\u00f6r byr\u00e5ns \u00f6ppettider hyresg\u00e4ster av alla TYS bostadsobjekt, f\u00f6rutom Iltakajo, kan ringa p\u00e5 tlf. +3582 284 6998 (msa\/lna). D\u00f6rr\u00f6ppning fr\u00e5n numret p\u00e5 vardagar kl. 16-08 och p\u00e5 helgerna 24h. D\u00f6rr\u00f6ppningsnummer f\u00f6r Iltakajo \u00e4r tlf. +358 2 275 2138 (msa\/lna). En avgift p\u00e5 60 euro debiteras f\u00f6r d\u00f6rr\u00f6ppningen + en m\u00f6jlig faktureringstill\u00e4gg p\u00e5 10 euro, och hyresg\u00e4sten m\u00e5ste kunna bevisa sin identitet.<\/p>\n<p><strong>Kontroll av bostaden vid inflyttning och felanm\u00e4lan<\/strong><\/p>\n<p>Hyresg\u00e4sten ska kontrollera l\u00e4genheten vid inflyttning genom att fylla i inflyttningsbesiktning p\u00e5 sina hyresg\u00e4stsidor.<\/p>\n<p>Obs! Inflyttningsbesiktningen ers\u00e4tter inte felanm\u00e4lan; f\u00f6r alla saker som kr\u00e4ver reparation ska man allts\u00e5 dessutom g\u00f6ra en felanm\u00e4lan.<\/p>\n<p>Om det finns brister i st\u00e4dniv\u00e5n i bostaden ska bristerna anm\u00e4las till TYS inom <a href=\"https:\/\/tys.fi\/sv\/bostadsbyran\">byr\u00e5ns \u00f6ppettider<\/a> i f\u00f6rsta hand per telefon (02 275 0200). St\u00e4dning kan best\u00e4llas som jourarbete endast om bostaden \u00e4r i s\u00e5 orent skick att det inte g\u00e5r att flytta in i bostaden. Kunden faktureras f\u00f6r st\u00e4dning som best\u00e4llts i on\u00f6dan. Observera att TYS tyv\u00e4rr inte kan kompensera f\u00f6r st\u00e4dning som du utf\u00f6rt sj\u00e4lv.<\/p>\n<p><strong>Hemf\u00f6rs\u00e4kring<\/strong><\/p>\n<p>Hemf\u00f6rs\u00e4kring \u00e4r obligatorisk enligt hyresavtalets villkor. En hemf\u00f6rs\u00e4kring skyddar inte bara vid skador som sker i den egna bostaden, utan ocks\u00e5 vid skador som skett hos grannen och som skadar din l\u00f6segendom. Hyresg\u00e4sten \u00e4r skadest\u00e5ndsskyldig inte bara f\u00f6r avsiktligt orsakade skador, utan \u00e4ven f\u00f6r skada som orsakats hyresv\u00e4rden p\u00e5 grund av f\u00f6rsummelse eller annan v\u00e5rdsl\u00f6shet fr\u00e5n hyresg\u00e4stens sida \u2013 skadest\u00e5ndsskyldigheten f\u00f6ruts\u00e4tter allts\u00e5 inte avsiktlighet.<\/p>\n<p>N\u00e4r du tecknar en hemf\u00f6rs\u00e4kring b\u00f6r du kontrollera att f\u00f6rs\u00e4kringen ut\u00f6ver en egendomsf\u00f6rs\u00e4kring \u00e4ven omfattar en ansvarsf\u00f6rs\u00e4kring. Ansvarsf\u00f6rs\u00e4kringen t\u00e4cker skador som hyresg\u00e4sten genom sina egna aktiviteter orsakat p\u00e5 fastigheten. Se till att f\u00f6rs\u00e4kringsbeloppen \u00e4r tillr\u00e4ckliga i b\u00e5de egendomsf\u00f6rs\u00e4kringen och ansvarsf\u00f6rs\u00e4kringen. En hemf\u00f6rs\u00e4kring kan till exempel ers\u00e4tta en vattenskada som orsakats av en trasig diskmaskin eller en cykel som stulits fr\u00e5n en cykelst\u00e4llning. Utan f\u00f6rs\u00e4kring ligger s\u00e5dana reparationskostnader och kostnader f\u00f6r en ny cykel helt p\u00e5 hyresg\u00e4stens ansvar.<\/p>\n<p><strong>Internetanslutning<\/strong><\/p>\n<p>I alla TYS l\u00e4genheter finns gratis internetanslutning f\u00f6r hyresg\u00e4sterna. Kyl\u00e4verkko-anslutningen \u00e4r direkt klar f\u00f6r anv\u00e4ndning, du beh\u00f6ver bara en n\u00e4tverkskabel. Kyl\u00e4verkko uppr\u00e4tth\u00e5lls av digiservice p\u00e5 Turun yliopisto, ta allts\u00e5 direkt kontakt med dem vid eventuella problem: <a href=\"https:\/\/www.yok.fi\/\">https:\/\/www.yok.fi\/\u00a0<\/a>[\/vc_column_text][\/vc_column][vc_column column_padding=&#8221;padding-5-percent&#8221; column_padding_tablet=&#8221;inherit&#8221; column_padding_phone=&#8221;inherit&#8221; column_padding_position=&#8221;left-right&#8221; flex_gap_desktop=&#8221;10px&#8221; column_element_direction_desktop=&#8221;default&#8221; column_element_spacing=&#8221;default&#8221; desktop_text_alignment=&#8221;default&#8221; tablet_text_alignment=&#8221;default&#8221; phone_text_alignment=&#8221;default&#8221; background_color_opacity=&#8221;1&#8243; background_hover_color_opacity=&#8221;1&#8243; column_backdrop_filter=&#8221;none&#8221; column_shadow=&#8221;none&#8221; column_border_radius=&#8221;none&#8221; column_link_target=&#8221;_self&#8221; column_position=&#8221;default&#8221; gradient_direction=&#8221;left_to_right&#8221; overlay_strength=&#8221;0.3&#8243; width=&#8221;1\/2&#8243; tablet_width_inherit=&#8221;default&#8221; animation_type=&#8221;default&#8221; bg_image_animation=&#8221;none&#8221; border_type=&#8221;simple&#8221; column_border_width=&#8221;none&#8221; column_border_style=&#8221;solid&#8221;][vc_custom_heading text=&#8221;Inflyttarens checklista:&#8221; font_container=&#8221;tag:h3|text_align:left|color:%23829974&#8243; use_theme_fonts=&#8221;yes&#8221;][divider line_type=&#8221;No Line&#8221; custom_height=&#8221;30&#8243;][vc_column_text css=&#8221;&#8221; text_direction=&#8221;default&#8221;]\n<ul>\n<li>G\u00f6r flyttanm\u00e4lan<\/li>\n<li>Kontrollera din l\u00e4genhet, fyll i inflyttningsbesiktningen och g\u00f6r en felanm\u00e4lan p\u00e5 dina hyresg\u00e4stsidor f\u00f6r eventuella saker som kr\u00e4ver reparation.<\/li>\n<li>Teckna en omfattande hemf\u00f6rs\u00e4kring som inkluderar b\u00e5de egendomsf\u00f6rs\u00e4kring och ansvarsf\u00f6rs\u00e4kring<\/li>\n<li>Bes\u00f6k hyresg\u00e4stsidorna. P\u00e5 sidorna hittar du bland annat din betalningsinformation.<\/li>\n<li>L\u00e4s TYS ordningsregler Hyresg\u00e4stsidor ellr p\u00e5 <a href=\"https:\/\/tys.fi\/ordningsregler\">https:\/\/tys.fi\/ordningsregler<\/a><\/li>\n<\/ul>\n[\/vc_column_text][vc_column_text css=&#8221;&#8221; text_direction=&#8221;default&#8221;]<strong>Bilplatser<\/strong><\/p>\n<p>P\u00e5 bostadsobjektens parkeringsomr\u00e5den (f\u00f6rutom Auranhelmi och Iltakajo) finns platser med elstolpe, som \u00e4r avgiftsbelagda och reserveras skilt, och platser utan stolpe, som kan anv\u00e4ndas fritt. Mer information hittar du p\u00e5 <a href=\"https:\/\/tys.fi\/sv\/vara-tjanster\/parkeringsplatser\">https:\/\/tys.fi\/sv\/vara-tjanster\/bilplatser<\/a><\/p>\n<p>P\u00e5 grund av flytt eller kortvarig transport av varor \u00e4r det till\u00e5tet att k\u00f6ra in bilen p\u00e5 g\u00e5rdsomr\u00e5det. Bilen f\u00e5r st\u00e5 p\u00e5 g\u00e5rdsomr\u00e5det endast under tiden f\u00f6r lastning eller lossning. D\u00e4refter ska bilen omedelbart flyttas till en anvisad parkeringsplats. Under lossning ska en person finnas i n\u00e4rheten av bilen f\u00f6r att vid behov kunna informera parkerings\u00f6vervakningen om att det r\u00f6r sig om en flytt.<\/p>\n<p><strong>F\u00f6rr\u00e5d<\/strong><\/p>\n<p>N\u00e4stan alla v\u00e5ra bostadsobjekt har bostadsspecifika f\u00f6rr\u00e5d. I Studentbyn och Yo-talot har hyresg\u00e4sterna m\u00f6jlighet att reservera ett f\u00f6rr\u00e5d skilt. Mer information hittar du p\u00e5 <a href=\"https:\/\/tys.fi\/sv\/vara-tjanster\/forrad\">https:\/\/tys.fi\/sv\/vara-tjanster\/forrad<\/a><\/p>\n<p><strong>Bastuturer<\/strong><\/p>\n<p>Hyran inkluderar fyra bastuturer per m\u00e5nad. Du kan boka din bastutur i TYS Booking-tj\u00e4nsten p\u00e5 dina hyresg\u00e4stsidor.<\/p>\n<p><strong>Tv\u00e4ttstugeturer<\/strong><\/p>\n<p>N\u00e4stan alla bostadsobjekt har egen tv\u00e4ttstuga och torkm\u00f6jligheter. I bostadsobjekt som saknar egen tv\u00e4ttstuga har tv\u00e4ttm\u00f6jligheter ordnats i ett n\u00e4rliggande bostadsobjekt.<\/p>\n<p>Tv\u00e4tturer bokas via TYS Booking p\u00e5 hyresg\u00e4stsidorna. Mer information om tv\u00e4ttstugepriser hittar du p\u00e5 <a href=\"https:\/\/tys.fi\/sv\/vara-tjanster\/tvattstuga\">https:\/\/tys.fi\/sv\/vara-tjanster\/tvattstuga<\/a><\/p>\n<p><strong>Hyresg\u00e4stens handbok<\/strong><\/p>\n<p>I Hyresg\u00e4stens handbok hittar du mycket nyttig information om att bo p\u00e5 TYS. Handboken inneh\u00e5ller information om bland annat inredning (t.ex. om du f\u00e5r h\u00e4nga upp tavlor p\u00e5 v\u00e4ggarna), sortering och hush\u00e5llsapparater. Du hittar boendeguiden p\u00e5 <a href=\"https:\/\/tys.fi\/sv\/hyresgastens-handbok\">https:\/\/tys.fi\/sv\/hyresgastens-handbok<\/a><\/p>\n<p><strong>Posten<\/strong><\/p>\n<p><strong>Brevpost<\/strong> delas ut direkt till bostaden eller bostadens brevl\u00e5da.<br \/>\nOm Posti levererar ett brev till dig som \u00e4r adresserat till n\u00e5gon annan, till exempel den tidigare hyresg\u00e4sten i din l\u00e4genhet, kan du skriva &#8221;felaktig utdelning&#8221; p\u00e5 brevet och l\u00e4gga det i vilken <a href=\"https:\/\/www.posti.fi\/sv\/servicestallen-pa-kartan\">Posti-postl\u00e5da<\/a> som helst. Brevet kommer d\u00e5 att levereras till r\u00e4tt adress.<\/p>\n<p><strong>Den som best\u00e4ller hem st\u00f6rre f\u00f6rs\u00e4ndelser eller paket<\/strong> som inte ryms i brevl\u00e5dan ska som adress ange adressen till den egna bostaden. Detta g\u00e4ller ocks\u00e5 f\u00f6rs\u00e4ndelser som best\u00e4lls via kurirtj\u00e4nst. F\u00f6r paket som utdelas via posten f\u00e5r du hem en avi mot vilken du kan avh\u00e4mta din f\u00f6rs\u00e4ndelse p\u00e5 det postkontor som angetts i avin. Tidpunkten f\u00f6r leverans av f\u00f6rs\u00e4ndelser som utdelas via andra kurirtj\u00e4nster ska s\u00e4rskilt avtalas med respektive kurirtj\u00e4nst. TYS-kansliet tar inte emot vare sig brevpost eller paketf\u00f6rs\u00e4ndelser till hyresg\u00e4sterna.<\/p>\n<p><strong>Hyresg\u00e4stverksamhet<\/strong><\/p>\n<p>Genom hyresg\u00e4stverksamheten kan du p\u00e5verka saker som r\u00f6r ditt eget boende. Ta reda p\u00e5 mer om verksamheten i ditt bostadsobjekt och evenemang som ordnas av hyresg\u00e4stkommitt\u00e9n: <a href=\"https:\/\/tys.fi\/sv\/hyresgastverksamhet\">https:\/\/tys.fi\/sv\/hyresgastverksamhet<\/a><\/p>\n<h4><strong>Klubbrum<\/strong><\/h4>\n<p>Det finns klubbrum f\u00f6r hyresg\u00e4ster att tillbringa tid tillsammans. Anv\u00e4ndningen av lokalen beslutas av hyresg\u00e4st kommitteer. Du kan l\u00e4sa mer om klubbrum och hur du bokar dem p\u00e5 v\u00e5r <a href=\"https:\/\/tys.fi\/sv\/klubbrum\">hemsida<\/a>.<\/p>\n<h4>Utrymmet f\u00f6r gemensamt bruk TYS n\u00b4Chill<\/h4>\n<p>TYS n\u00b4Chill, Tyyssijas utrymmet f\u00f6t gemesamt bruk, \u00e4r till fri anv\u00e4ndning av alla hyresg\u00e4ster m\u00e5n-s\u00f6n fr\u00e5n kl. 9.00 till 23.00. Du hittar utrymmet p\u00e5 Inspehtorinkatu 12 D, 20540 \u00c5bo.<\/p>\n<p>I utrymmet kan du till exempel plugga ellr se p\u00e5 tv. Utrymmen kan inte reserveras, men hyresg\u00e4sterna kan ans\u00f6ka om passager\u00e4tt till utrymmet via formul\u00e4ret p\u00e5 v\u00e5r <a href=\"https:\/\/tys.fi\/sv\/utrymmet-for-gemensamt-bruk\">hemsida: https:\/\/tys.fi\/sv\/utrymmet-for-gemensamt-bruk\u00a0<\/a>.<\/p>\n<p><strong>TYS Nyhetesbrev<\/strong><\/p>\n<p>TYS skickar ungef\u00e4r en g\u00e5ng i m\u00e5naden ett nyhetsbrev med viktiga och aktuella meddelanden till sina hyresg\u00e4ster. Hyresg\u00e4stbrevet skickas till den e-postadress du angett p\u00e5 hyresg\u00e4stsidorna, s\u00e5 h\u00e5ll adressen uppdaterad.<\/p>\n<p><strong>F\u00f6lj oss p\u00e5 sociala medier!<\/strong><\/p>\n<p>Du kan ocks\u00e5 f\u00f6lja TYS p\u00e5 sociala medier. Du hittar oss p\u00e5 Facebook och Instagram med namn @tysturku.<strong><em>\u00a0<\/em><\/strong><\/p>\n<h3><strong>V\u00e4lkommen till TYS!<\/strong><\/h3>\n[\/vc_column_text][\/vc_column][\/vc_row][vc_row type=&#8221;full_width_background&#8221; full_screen_row_position=&#8221;middle&#8221; column_margin=&#8221;default&#8221; column_direction=&#8221;default&#8221; column_direction_tablet=&#8221;default&#8221; column_direction_phone=&#8221;default&#8221; bg_image=&#8221;15&#8243; bg_image_type=&#8221;default&#8221; bg_position=&#8221;center bottom&#8221; background_image_loading=&#8221;default&#8221; bg_repeat=&#8221;no-repeat&#8221; scene_position=&#8221;center&#8221; top_padding=&#8221;5%&#8221; bottom_padding=&#8221;5%&#8221; text_color=&#8221;dark&#8221; text_align=&#8221;left&#8221; row_border_radius=&#8221;none&#8221; row_border_radius_applies=&#8221;bg&#8221; row_position_desktop=&#8221;default&#8221; row_position_tablet=&#8221;inherit&#8221; row_position_phone=&#8221;inherit&#8221; overflow=&#8221;visible&#8221; color_overlay=&#8221;#000000&#8243; overlay_strength=&#8221;0.3&#8243; gradient_direction=&#8221;left_to_right&#8221; shape_divider_position=&#8221;bottom&#8221; bg_image_animation=&#8221;none&#8221; parallax_bg=&#8221;true&#8221; parallax_bg_speed=&#8221;slow&#8221; shape_type=&#8221;&#8221;][vc_column column_padding=&#8221;no-extra-padding&#8221; column_padding_tablet=&#8221;inherit&#8221; column_padding_phone=&#8221;inherit&#8221; column_padding_position=&#8221;all&#8221; flex_gap_desktop=&#8221;10px&#8221; column_element_direction_desktop=&#8221;default&#8221; column_element_spacing=&#8221;default&#8221; centered_text=&#8221;true&#8221; desktop_text_alignment=&#8221;default&#8221; tablet_text_alignment=&#8221;default&#8221; phone_text_alignment=&#8221;default&#8221; background_color_opacity=&#8221;1&#8243; background_hover_color_opacity=&#8221;1&#8243; column_backdrop_filter=&#8221;none&#8221; column_shadow=&#8221;none&#8221; column_border_radius=&#8221;none&#8221; column_link_target=&#8221;_self&#8221; column_position=&#8221;default&#8221; gradient_direction=&#8221;left_to_right&#8221; overlay_strength=&#8221;0.3&#8243; width=&#8221;1\/1&#8243; tablet_width_inherit=&#8221;default&#8221; animation_type=&#8221;default&#8221; bg_image_animation=&#8221;none&#8221; border_type=&#8221;simple&#8221; column_border_width=&#8221;none&#8221; column_border_style=&#8221;solid&#8221;][vc_custom_heading text=&#8221;Kolla in TYS tj\u00e4nsterna!&#8221; font_container=&#8221;tag:h2|text_align:center|color:%23ffffff&#8221; use_theme_fonts=&#8221;yes&#8221;][nectar_btn size=&#8221;jumbo&#8221; button_style=&#8221;see-through&#8221; button_color_2=&#8221;Accent-Color&#8221; color_override=&#8221;#ffffff&#8221; icon_family=&#8221;default_arrow&#8221; url=&#8221;\/palvelut&#8221; text=&#8221;Tj\u00e4nster&#8221; margin_top=&#8221;30&#8243;][\/vc_column][\/vc_row]\n","protected":false},"excerpt":{"rendered":"<p>[vc_row type=&#8221;full_width_background&#8221; full_screen_row_position=&#8221;middle&#8221; column_margin=&#8221;default&#8221; column_direction=&#8221;default&#8221; column_direction_tablet=&#8221;default&#8221; column_direction_phone=&#8221;default&#8221; bg_image=&#8221;15&#8243; bg_image_type=&#8221;default&#8221; bg_position=&#8221;center top&#8221; background_image_loading=&#8221;default&#8221; bg_repeat=&#8221;no-repeat&#8221; scene_position=&#8221;center&#8221; top_padding=&#8221;10%&#8221;&#8230;<\/p>\n","protected":false},"author":1,"featured_media":0,"parent":0,"menu_order":0,"comment_status":"closed","ping_status":"closed","template":"","meta":{"footnotes":""},"class_list":["post-1539","page","type-page","status-publish"],"yoast_head":"<!-- This site is optimized with the Yoast SEO plugin v27.5 - https:\/\/yoast.com\/product\/yoast-seo-wordpress\/ -->\n<title>Inflyttning | TYS | Turun Ylioppilaskyl\u00e4s\u00e4\u00e4ti\u00f6<\/title>\n<meta name=\"robots\" content=\"index, follow, max-snippet:-1, max-image-preview:large, max-video-preview:-1\" \/>\n<link rel=\"canonical\" href=\"https:\/\/tys.fi\/sv\/hyresgaster-inflyttning\" \/>\n<meta property=\"og:locale\" content=\"sv_SE\" \/>\n<meta property=\"og:type\" content=\"article\" \/>\n<meta property=\"og:title\" content=\"Inflyttning | TYS | Turun Ylioppilaskyl\u00e4s\u00e4\u00e4ti\u00f6\" \/>\n<meta property=\"og:description\" content=\"[vc_row type=&#8221;full_width_background&#8221; full_screen_row_position=&#8221;middle&#8221; column_margin=&#8221;default&#8221; column_direction=&#8221;default&#8221; column_direction_tablet=&#8221;default&#8221; column_direction_phone=&#8221;default&#8221; bg_image=&#8221;15&#8243; bg_image_type=&#8221;default&#8221; bg_position=&#8221;center top&#8221; background_image_loading=&#8221;default&#8221; bg_repeat=&#8221;no-repeat&#8221; scene_position=&#8221;center&#8221; top_padding=&#8221;10%&#8221;...\" \/>\n<meta property=\"og:url\" content=\"https:\/\/tys.fi\/sv\/hyresgaster-inflyttning\" \/>\n<meta property=\"og:site_name\" content=\"Turun Ylioppilaskyl&auml;s&auml;&auml;ti&ouml;\" \/>\n<meta property=\"article:publisher\" content=\"https:\/\/www.facebook.com\/tysturku\/\" \/>\n<meta property=\"article:modified_time\" content=\"2026-01-27T11:36:21+00:00\" \/>\n<meta name=\"twitter:card\" content=\"summary_large_image\" \/>\n<meta name=\"twitter:site\" content=\"@tysturku\" \/>\n<meta name=\"twitter:label1\" content=\"Ber\u00e4knad l\u00e4stid\" \/>\n\t<meta name=\"twitter:data1\" content=\"9 minuter\" \/>\n<script type=\"application\/ld+json\" class=\"yoast-schema-graph\">{\"@context\":\"https:\\\/\\\/schema.org\",\"@graph\":[{\"@type\":\"WebPage\",\"@id\":\"https:\\\/\\\/tys.fi\\\/sv\\\/hyresgaster-inflyttning\",\"url\":\"https:\\\/\\\/tys.fi\\\/sv\\\/hyresgaster-inflyttning\",\"name\":\"Inflyttning | TYS | Turun Ylioppilaskyl\u00e4s\u00e4\u00e4ti\u00f6\",\"isPartOf\":{\"@id\":\"https:\\\/\\\/tys.fi\\\/#website\"},\"datePublished\":\"2019-04-01T06:36:46+00:00\",\"dateModified\":\"2026-01-27T11:36:21+00:00\",\"breadcrumb\":{\"@id\":\"https:\\\/\\\/tys.fi\\\/sv\\\/hyresgaster-inflyttning#breadcrumb\"},\"inLanguage\":\"sv-SE\",\"potentialAction\":[{\"@type\":\"ReadAction\",\"target\":[\"https:\\\/\\\/tys.fi\\\/sv\\\/hyresgaster-inflyttning\"]}]},{\"@type\":\"BreadcrumbList\",\"@id\":\"https:\\\/\\\/tys.fi\\\/sv\\\/hyresgaster-inflyttning#breadcrumb\",\"itemListElement\":[{\"@type\":\"ListItem\",\"position\":1,\"name\":\"Home\",\"item\":\"https:\\\/\\\/tys.fi\\\/sv\"},{\"@type\":\"ListItem\",\"position\":2,\"name\":\"Inflyttning\"}]},{\"@type\":\"WebSite\",\"@id\":\"https:\\\/\\\/tys.fi\\\/#website\",\"url\":\"https:\\\/\\\/tys.fi\\\/\",\"name\":\"Turun Ylioppilaskyl\u00e4s\u00e4\u00e4ti\u00f6\",\"description\":\"Vuokra-asunnot Turku\",\"publisher\":{\"@id\":\"https:\\\/\\\/tys.fi\\\/#organization\"},\"potentialAction\":[{\"@type\":\"SearchAction\",\"target\":{\"@type\":\"EntryPoint\",\"urlTemplate\":\"https:\\\/\\\/tys.fi\\\/?s={search_term_string}\"},\"query-input\":{\"@type\":\"PropertyValueSpecification\",\"valueRequired\":true,\"valueName\":\"search_term_string\"}}],\"inLanguage\":\"sv-SE\"},{\"@type\":\"Organization\",\"@id\":\"https:\\\/\\\/tys.fi\\\/#organization\",\"name\":\"TYS\",\"url\":\"https:\\\/\\\/tys.fi\\\/\",\"logo\":{\"@type\":\"ImageObject\",\"inLanguage\":\"sv-SE\",\"@id\":\"https:\\\/\\\/tys.fi\\\/#\\\/schema\\\/logo\\\/image\\\/\",\"url\":\"https:\\\/\\\/tys.fi\\\/wp-content\\\/uploads\\\/2019\\\/03\\\/TYS-Logo_Green_500px.png\",\"contentUrl\":\"https:\\\/\\\/tys.fi\\\/wp-content\\\/uploads\\\/2019\\\/03\\\/TYS-Logo_Green_500px.png\",\"width\":500,\"height\":232,\"caption\":\"TYS\"},\"image\":{\"@id\":\"https:\\\/\\\/tys.fi\\\/#\\\/schema\\\/logo\\\/image\\\/\"},\"sameAs\":[\"https:\\\/\\\/www.facebook.com\\\/tysturku\\\/\",\"https:\\\/\\\/x.com\\\/tysturku\",\"https:\\\/\\\/www.instagram.com\\\/tysturku\\\/\",\"https:\\\/\\\/www.linkedin.com\\\/company\\\/tysturku\\\/\",\"https:\\\/\\\/www.youtube.com\\\/channel\\\/UCjKOs8BOiY0SORCB0WWixlw?view_as=subscriber\",\"https:\\\/\\\/fi.wikipedia.org\\\/wiki\\\/Turun_ylioppilaskyl\u00e4s\u00e4\u00e4ti\u00f6\"]}]}<\/script>\n<!-- \/ Yoast SEO plugin. -->","yoast_head_json":{"title":"Inflyttning | TYS | Turun Ylioppilaskyl\u00e4s\u00e4\u00e4ti\u00f6","robots":{"index":"index","follow":"follow","max-snippet":"max-snippet:-1","max-image-preview":"max-image-preview:large","max-video-preview":"max-video-preview:-1"},"canonical":"https:\/\/tys.fi\/sv\/hyresgaster-inflyttning","og_locale":"sv_SE","og_type":"article","og_title":"Inflyttning | TYS | Turun Ylioppilaskyl\u00e4s\u00e4\u00e4ti\u00f6","og_description":"[vc_row type=&#8221;full_width_background&#8221; full_screen_row_position=&#8221;middle&#8221; column_margin=&#8221;default&#8221; column_direction=&#8221;default&#8221; column_direction_tablet=&#8221;default&#8221; column_direction_phone=&#8221;default&#8221; bg_image=&#8221;15&#8243; bg_image_type=&#8221;default&#8221; bg_position=&#8221;center top&#8221; background_image_loading=&#8221;default&#8221; bg_repeat=&#8221;no-repeat&#8221; scene_position=&#8221;center&#8221; top_padding=&#8221;10%&#8221;...","og_url":"https:\/\/tys.fi\/sv\/hyresgaster-inflyttning","og_site_name":"Turun Ylioppilaskyl&auml;s&auml;&auml;ti&ouml;","article_publisher":"https:\/\/www.facebook.com\/tysturku\/","article_modified_time":"2026-01-27T11:36:21+00:00","twitter_card":"summary_large_image","twitter_site":"@tysturku","twitter_misc":{"Ber\u00e4knad l\u00e4stid":"9 minuter"},"schema":{"@context":"https:\/\/schema.org","@graph":[{"@type":"WebPage","@id":"https:\/\/tys.fi\/sv\/hyresgaster-inflyttning","url":"https:\/\/tys.fi\/sv\/hyresgaster-inflyttning","name":"Inflyttning | TYS | Turun Ylioppilaskyl\u00e4s\u00e4\u00e4ti\u00f6","isPartOf":{"@id":"https:\/\/tys.fi\/#website"},"datePublished":"2019-04-01T06:36:46+00:00","dateModified":"2026-01-27T11:36:21+00:00","breadcrumb":{"@id":"https:\/\/tys.fi\/sv\/hyresgaster-inflyttning#breadcrumb"},"inLanguage":"sv-SE","potentialAction":[{"@type":"ReadAction","target":["https:\/\/tys.fi\/sv\/hyresgaster-inflyttning"]}]},{"@type":"BreadcrumbList","@id":"https:\/\/tys.fi\/sv\/hyresgaster-inflyttning#breadcrumb","itemListElement":[{"@type":"ListItem","position":1,"name":"Home","item":"https:\/\/tys.fi\/sv"},{"@type":"ListItem","position":2,"name":"Inflyttning"}]},{"@type":"WebSite","@id":"https:\/\/tys.fi\/#website","url":"https:\/\/tys.fi\/","name":"Turun Ylioppilaskyl\u00e4s\u00e4\u00e4ti\u00f6","description":"Vuokra-asunnot Turku","publisher":{"@id":"https:\/\/tys.fi\/#organization"},"potentialAction":[{"@type":"SearchAction","target":{"@type":"EntryPoint","urlTemplate":"https:\/\/tys.fi\/?s={search_term_string}"},"query-input":{"@type":"PropertyValueSpecification","valueRequired":true,"valueName":"search_term_string"}}],"inLanguage":"sv-SE"},{"@type":"Organization","@id":"https:\/\/tys.fi\/#organization","name":"TYS","url":"https:\/\/tys.fi\/","logo":{"@type":"ImageObject","inLanguage":"sv-SE","@id":"https:\/\/tys.fi\/#\/schema\/logo\/image\/","url":"https:\/\/tys.fi\/wp-content\/uploads\/2019\/03\/TYS-Logo_Green_500px.png","contentUrl":"https:\/\/tys.fi\/wp-content\/uploads\/2019\/03\/TYS-Logo_Green_500px.png","width":500,"height":232,"caption":"TYS"},"image":{"@id":"https:\/\/tys.fi\/#\/schema\/logo\/image\/"},"sameAs":["https:\/\/www.facebook.com\/tysturku\/","https:\/\/x.com\/tysturku","https:\/\/www.instagram.com\/tysturku\/","https:\/\/www.linkedin.com\/company\/tysturku\/","https:\/\/www.youtube.com\/channel\/UCjKOs8BOiY0SORCB0WWixlw?view_as=subscriber","https:\/\/fi.wikipedia.org\/wiki\/Turun_ylioppilaskyl\u00e4s\u00e4\u00e4ti\u00f6"]}]}},"_links":{"self":[{"href":"https:\/\/tys.fi\/sv\/wp-json\/wp\/v2\/pages\/1539","targetHints":{"allow":["GET"]}}],"collection":[{"href":"https:\/\/tys.fi\/sv\/wp-json\/wp\/v2\/pages"}],"about":[{"href":"https:\/\/tys.fi\/sv\/wp-json\/wp\/v2\/types\/page"}],"author":[{"embeddable":true,"href":"https:\/\/tys.fi\/sv\/wp-json\/wp\/v2\/users\/1"}],"replies":[{"embeddable":true,"href":"https:\/\/tys.fi\/sv\/wp-json\/wp\/v2\/comments?post=1539"}],"version-history":[{"count":10,"href":"https:\/\/tys.fi\/sv\/wp-json\/wp\/v2\/pages\/1539\/revisions"}],"predecessor-version":[{"id":30811,"href":"https:\/\/tys.fi\/sv\/wp-json\/wp\/v2\/pages\/1539\/revisions\/30811"}],"wp:attachment":[{"href":"https:\/\/tys.fi\/sv\/wp-json\/wp\/v2\/media?parent=1539"}],"curies":[{"name":"wp","href":"https:\/\/api.w.org\/{rel}","templated":true}]}}